{"id":997706,"date":"2024-11-20T12:56:07","date_gmt":"2024-11-20T04:56:07","guid":{"rendered":"https:\/\/vavin.tw\/?page_id=997706"},"modified":"2024-11-22T12:38:26","modified_gmt":"2024-11-22T04:38:26","slug":"lista-de-vinos-de-collovray-terrier","status":"publish","type":"page","link":"https:\/\/vavin.tw\/es\/collovrayetterrier-wine-list\/","title":{"rendered":"Cata de Vinos Collovray Et Terrier"},"content":{"rendered":"<div data-elementor-type=\"wp-page\" data-elementor-id=\"997706\" class=\"elementor elementor-997706\" data-elementor-post-type=\"page\">\n\t\t\t\t<div class=\"elementor-element elementor-element-936e0ce e-flex e-con-boxed e-con e-parent\" data-id=\"936e0ce\" data-element_type=\"container\" data-e-type=\"container\">\n\t\t\t\t\t<div class=\"e-con-inner\">\n\t\t\t\t<div class=\"elementor-element elementor-element-0839cec elementor-widget elementor-widget-template\" data-id=\"0839cec\" data-element_type=\"widget\" data-e-type=\"widget\" data-widget_type=\"template.default\">\n\t\t\t\t<div class=\"elementor-widget-container\">\n\t\t\t\t\t\t\t<div class=\"elementor-template\">\n\t\t\t\t\t<div data-elementor-type=\"page\" data-elementor-id=\"997675\" class=\"elementor elementor-997675\" data-elementor-post-type=\"elementor_library\">\n\t\t\t\t<div class=\"elementor-element elementor-element-7c46c837 e-flex e-con-boxed e-con e-parent\" data-id=\"7c46c837\" data-element_type=\"container\" data-e-type=\"container\">\n\t\t\t\t\t<div class=\"e-con-inner\">\n\t\t\t\t\t<\/div>\n\t\t\t\t<\/div>\n\t\t<div class=\"elementor-element elementor-element-7acc9435 e-flex e-con-boxed e-con e-parent\" data-id=\"7acc9435\" data-element_type=\"container\" data-e-type=\"container\">\n\t\t\t\t\t<div class=\"e-con-inner\">\n\t\t<div class=\"elementor-element elementor-element-4410314d e-con-full e-flex e-con e-child\" data-id=\"4410314d\" data-element_type=\"container\" data-e-type=\"container\">\n\t\t\t\t<div class=\"elementor-element elementor-element-697bbb44 elementor-widget elementor-widget-heading\" data-id=\"697bbb44\" data-element_type=\"widget\" data-e-type=\"widget\" data-widget_type=\"heading.default\">\n\t\t\t\t<div class=\"elementor-widget-container\">\n\t\t\t\t\t<h3 class=\"elementor-heading-title elementor-size-default\">11\/22\u3010Vavin Caja de Vino Cata de vinos\u3011<\/h3>\t\t\t\t<\/div>\n\t\t\t\t<\/div>\n\t\t\t\t<\/div>\n\t\t\t\t\t<\/div>\n\t\t\t\t<\/div>\n\t\t<div class=\"elementor-element elementor-element-4b798888 e-flex e-con-boxed e-con e-parent\" data-id=\"4b798888\" data-element_type=\"container\" data-e-type=\"container\">\n\t\t\t\t\t<div class=\"e-con-inner\">\n\t\t<div class=\"elementor-element elementor-element-ec5ae71 e-con-full e-flex e-con e-child\" data-id=\"ec5ae71\" data-element_type=\"container\" data-e-type=\"container\">\n\t\t\t\t<div class=\"elementor-element elementor-element-5e85905f elementor-widget elementor-widget-heading\" data-id=\"5e85905f\" data-element_type=\"widget\" data-e-type=\"widget\" data-widget_type=\"heading.default\">\n\t\t\t\t<div class=\"elementor-widget-container\">\n\t\t\t\t\t<h3 class=\"elementor-heading-title elementor-size-default\">Carta de vinos<\/h3>\t\t\t\t<\/div>\n\t\t\t\t<\/div>\n\t\t\t\t<div class=\"elementor-element elementor-element-fa7825a elementor-widget elementor-widget-image\" data-id=\"fa7825a\" data-element_type=\"widget\" data-e-type=\"widget\" data-widget_type=\"image.default\">\n\t\t\t\t<div class=\"elementor-widget-container\">\n\t\t\t\t\t\t\t\t\t<div class=\"elementor-image\">\n\t\t\t\t\t\t\t\t\t\t\t\t\t\t\t\t\t\t\t\t\t<img fetchpriority=\"high\" decoding=\"async\" width=\"315\" height=\"162\" src=\"https:\/\/vavin.tw\/wp-content\/uploads\/2024\/11\/LOGO-DEUX-ROCHES-NOIR-315x162.png\" class=\"attachment-woocommerce_thumbnail size-woocommerce_thumbnail wp-image-997699\" alt=\"\" srcset=\"https:\/\/vavin.tw\/wp-content\/uploads\/2024\/11\/LOGO-DEUX-ROCHES-NOIR-315x162.png 315w, https:\/\/vavin.tw\/wp-content\/uploads\/2024\/11\/LOGO-DEUX-ROCHES-NOIR-630x325.png 630w, https:\/\/vavin.tw\/wp-content\/uploads\/2024\/11\/LOGO-DEUX-ROCHES-NOIR-300x155.png 300w, https:\/\/vavin.tw\/wp-content\/uploads\/2024\/11\/LOGO-DEUX-ROCHES-NOIR-768x396.png 768w, https:\/\/vavin.tw\/wp-content\/uploads\/2024\/11\/LOGO-DEUX-ROCHES-NOIR-18x9.png 18w, https:\/\/vavin.tw\/wp-content\/uploads\/2024\/11\/LOGO-DEUX-ROCHES-NOIR.png 939w\" sizes=\"(max-width: 315px) 100vw, 315px\" \/>\t\t\t\t\t\t\t\t\t\t\t\t\t\t\t\t\t\t\t\t\t\t\t\t<\/div>\n\t\t\t\t\t\t\t\t<\/div>\n\t\t\t\t<\/div>\n\t\t\t\t<\/div>\n\t\t\t\t\t<\/div>\n\t\t\t\t<\/div>\n\t\t<div class=\"elementor-element elementor-element-447a57a e-flex e-con-boxed e-con e-parent\" data-id=\"447a57a\" data-element_type=\"container\" data-e-type=\"container\">\n\t\t\t\t\t<div class=\"e-con-inner\">\n\t\t\t\t<div class=\"elementor-element elementor-element-16523d4 elementor-widget elementor-widget-image\" data-id=\"16523d4\" data-element_type=\"widget\" data-e-type=\"widget\" data-widget_type=\"image.default\">\n\t\t\t\t<div class=\"elementor-widget-container\">\n\t\t\t\t\t\t\t\t\t<div class=\"elementor-image\">\n\t\t\t\t\t\t\t\t\t\t\t\t\t\t\t\t\t\t\t\t\t<img decoding=\"async\" width=\"1024\" height=\"683\" src=\"https:\/\/vavin.tw\/wp-content\/uploads\/2024\/11\/054_etienne-ramousse_collovray-et-terrier_vendanges_site-internet_2019-1024x683.jpg\" class=\"attachment-large size-large wp-image-997746\" alt=\"\" srcset=\"https:\/\/vavin.tw\/wp-content\/uploads\/2024\/11\/054_etienne-ramousse_collovray-et-terrier_vendanges_site-internet_2019-1024x683.jpg 1024w, https:\/\/vavin.tw\/wp-content\/uploads\/2024\/11\/054_etienne-ramousse_collovray-et-terrier_vendanges_site-internet_2019-315x210.jpg 315w, https:\/\/vavin.tw\/wp-content\/uploads\/2024\/11\/054_etienne-ramousse_collovray-et-terrier_vendanges_site-internet_2019-630x420.jpg 630w, https:\/\/vavin.tw\/wp-content\/uploads\/2024\/11\/054_etienne-ramousse_collovray-et-terrier_vendanges_site-internet_2019-300x200.jpg 300w, https:\/\/vavin.tw\/wp-content\/uploads\/2024\/11\/054_etienne-ramousse_collovray-et-terrier_vendanges_site-internet_2019-768x512.jpg 768w, https:\/\/vavin.tw\/wp-content\/uploads\/2024\/11\/054_etienne-ramousse_collovray-et-terrier_vendanges_site-internet_2019-1536x1024.jpg 1536w, https:\/\/vavin.tw\/wp-content\/uploads\/2024\/11\/054_etienne-ramousse_collovray-et-terrier_vendanges_site-internet_2019-18x12.jpg 18w, https:\/\/vavin.tw\/wp-content\/uploads\/2024\/11\/054_etienne-ramousse_collovray-et-terrier_vendanges_site-internet_2019-1260x840.jpg 1260w, https:\/\/vavin.tw\/wp-content\/uploads\/2024\/11\/054_etienne-ramousse_collovray-et-terrier_vendanges_site-internet_2019.jpg 1920w\" sizes=\"(max-width: 1024px) 100vw, 1024px\" \/>\t\t\t\t\t\t\t\t\t\t\t\t\t\t\t\t\t\t\t\t\t\t\t\t<\/div>\n\t\t\t\t\t\t\t\t<\/div>\n\t\t\t\t<\/div>\n\t\t\t\t\t<\/div>\n\t\t\t\t<\/div>\n\t\t<div class=\"elementor-element elementor-element-4d9e6dc e-flex e-con-boxed e-con e-parent\" data-id=\"4d9e6dc\" data-element_type=\"container\" data-e-type=\"container\">\n\t\t\t\t\t<div class=\"e-con-inner\">\n\t\t\t\t<div class=\"elementor-element elementor-element-d463290 elementor-widget elementor-widget-text-editor\" data-id=\"d463290\" data-element_type=\"widget\" data-e-type=\"widget\" data-widget_type=\"text-editor.default\">\n\t\t\t\t<div class=\"elementor-widget-container\">\n\t\t\t\t\t\t\t\t\t<p class=\"MsoNormal\" style=\"margin: 0cm 0cm 8pt; line-height: 18.4px; font-size: 12pt; font-family: Aptos, sans-serif; color: #000000; font-style: normal; font-variant-ligatures: normal; font-variant-caps: normal; font-weight: 400;\"><strong><span lang=\"FR\" style=\"color: #800000;\">LOS VI\u00d1EDOS DEL M\u00c2CONNAIS<\/span><\/strong><\/p><p class=\"MsoNormal\" style=\"margin: 0cm 0cm 8pt; line-height: 18.4px; font-size: 12pt; font-family: Aptos, sans-serif; color: #000000; font-style: normal; font-variant-ligatures: normal; font-variant-caps: normal; font-weight: 400;\"><span style=\"color: #333333;\"><strong><span lang=\"FR\">Terru\u00f1o<\/span><\/strong><\/span><\/p><p><b>Los vi\u00f1edos de M\u00e2connais siguen los contornos de la tierra del sur de Borgo\u00f1a,\u00a0<\/b>desde suaves colinas hasta abruptos afloramientos de roca caliza, creando numerosas orientaciones y micro terru\u00f1os diferentes.\u00a0<b>\u00c1rido y pedregoso, es el terreno perfecto para cultivar vides.\u00a0<\/b>Los suelos son principalmente arcilla calc\u00e1rea del Calloviense, rica en f\u00f3siles y formada en la \u00faltima parte del per\u00edodo Jur\u00e1sico medio, hace aproximadamente 160 millones de a\u00f1os.<span class=\"Apple-converted-space\">\u00a0<\/span><\/p><p>La situaci\u00f3n geogr\u00e1fica, la inclinaci\u00f3n de las laderas y el clima local hacen que los suelos se calienten y sequen r\u00e1pidamente tras la lluvia, asegurando que las vides\u00a0<b>la cantidad justa de agua<\/b>.\u00a0<b>El Chardonnay prospera particularmente bien aqu\u00ed,\u00a0<\/b>forjando una reputaci\u00f3n mundial.\u00a0<span class=\"Apple-converted-space\">\u00a0<\/span><\/p><p>El\u00a0<b>M\u00e2connais<\/b>\u00a0tambi\u00e9n puede enorgullecerse de ser conocida como la cuna de esta variedad de uva, que con toda probabilidad tom\u00f3 su nombre de la aldea de Chardonnay. Esta uva, que se adapta especialmente bien a los suelos calc\u00e1reos, confiere a los vinos de la regi\u00f3n\u00a0<b>sus notables paladares y gran finura arom\u00e1tica.<\/b><\/p>\t\t\t\t\t\t\t\t<\/div>\n\t\t\t\t<\/div>\n\t\t\t\t\t<\/div>\n\t\t\t\t<\/div>\n\t\t<div class=\"elementor-element elementor-element-dceca3e e-flex e-con-boxed e-con e-parent\" data-id=\"dceca3e\" data-element_type=\"container\" data-e-type=\"container\">\n\t\t\t\t\t<div class=\"e-con-inner\">\n\t\t\t\t<div class=\"elementor-element elementor-element-72d89cc elementor-widget elementor-widget-image\" data-id=\"72d89cc\" data-element_type=\"widget\" data-e-type=\"widget\" data-widget_type=\"image.default\">\n\t\t\t\t<div class=\"elementor-widget-container\">\n\t\t\t\t\t\t\t\t\t<div class=\"elementor-image\">\n\t\t\t\t\t\t\t\t\t\t\t\t\t\t\t\t\t\t\t\t\t<img decoding=\"async\" width=\"1024\" height=\"683\" src=\"https:\/\/vavin.tw\/wp-content\/uploads\/2024\/11\/057_etienne-ramousse_collovray-et-terrier_vendanges_site-internet_2019-1024x683.jpg\" class=\"attachment-large size-large wp-image-997753\" alt=\"\" srcset=\"https:\/\/vavin.tw\/wp-content\/uploads\/2024\/11\/057_etienne-ramousse_collovray-et-terrier_vendanges_site-internet_2019-1024x683.jpg 1024w, https:\/\/vavin.tw\/wp-content\/uploads\/2024\/11\/057_etienne-ramousse_collovray-et-terrier_vendanges_site-internet_2019-315x210.jpg 315w, https:\/\/vavin.tw\/wp-content\/uploads\/2024\/11\/057_etienne-ramousse_collovray-et-terrier_vendanges_site-internet_2019-630x420.jpg 630w, https:\/\/vavin.tw\/wp-content\/uploads\/2024\/11\/057_etienne-ramousse_collovray-et-terrier_vendanges_site-internet_2019-300x200.jpg 300w, https:\/\/vavin.tw\/wp-content\/uploads\/2024\/11\/057_etienne-ramousse_collovray-et-terrier_vendanges_site-internet_2019-768x512.jpg 768w, https:\/\/vavin.tw\/wp-content\/uploads\/2024\/11\/057_etienne-ramousse_collovray-et-terrier_vendanges_site-internet_2019-1536x1024.jpg 1536w, https:\/\/vavin.tw\/wp-content\/uploads\/2024\/11\/057_etienne-ramousse_collovray-et-terrier_vendanges_site-internet_2019-18x12.jpg 18w, https:\/\/vavin.tw\/wp-content\/uploads\/2024\/11\/057_etienne-ramousse_collovray-et-terrier_vendanges_site-internet_2019-1260x840.jpg 1260w, https:\/\/vavin.tw\/wp-content\/uploads\/2024\/11\/057_etienne-ramousse_collovray-et-terrier_vendanges_site-internet_2019.jpg 1920w\" sizes=\"(max-width: 1024px) 100vw, 1024px\" \/>\t\t\t\t\t\t\t\t\t\t\t\t\t\t\t\t\t\t\t\t\t\t\t\t<\/div>\n\t\t\t\t\t\t\t\t<\/div>\n\t\t\t\t<\/div>\n\t\t\t\t<div class=\"elementor-element elementor-element-64f82ea elementor-widget elementor-widget-text-editor\" data-id=\"64f82ea\" data-element_type=\"widget\" data-e-type=\"widget\" data-widget_type=\"text-editor.default\">\n\t\t\t\t<div class=\"elementor-widget-container\">\n\t\t\t\t\t\t\t\t\t<p class=\"MsoNormal translation-block\" style=\"margin: 0cm 0cm 8pt; line-height: 18.4px; font-size: 12pt; font-family: Aptos, sans-serif; color: #000000; font-style: normal; font-variant-ligatures: normal; font-variant-caps: normal; font-weight: 400;\"><span style=\"color: #333333\">These terroirs are also the product of a long history.\u00a0<b>The vineyards\u00a0<\/b>can effectively claim to be of 3<sup>rd<\/sup>\u00a0century Gallo-roman origin, and the<b>\u00a0quality of the terroirs was vaunted by the monks\u00a0<\/b>before the AOC system brought them international notoriety.<\/span><\/p><p class=\"MsoNormal translation-block\" style=\"margin: 0cm 0cm 8pt; line-height: 18.4px; font-size: 12pt; font-family: Aptos, sans-serif; color: #000000; font-style: normal; font-variant-ligatures: normal; font-variant-caps: normal; font-weight: 400;\"><span style=\"color: #333333\"><b>The expansion of the vineyards, as was the case all across Burgundy, was largely due to the monastic orders.\u00a0<\/b>Here the influence of the monks of Cluny Abbey was felt from the 6<sup>th<\/sup>\u00a0century. However, national recognition only came in the 17<sup>th<\/sup>\u00a0century, when Louis XIV introduced the wines of the<b>\u00a0M\u00e2con\u00a0<\/b>to the court.\u00a0\u00a0<\/span><\/p><p class=\"MsoNormal\" style=\"margin: 0cm 0cm 8pt; line-height: 18.4px; font-size: 12pt; font-family: Aptos, sans-serif; color: #000000; font-style: normal; font-variant-ligatures: normal; font-variant-caps: normal; font-weight: 400;\"><span style=\"color: #333333;\">La organizaci\u00f3n de los vi\u00f1edos tal como existe hoy es mucho m\u00e1s reciente y estuvo influenciada por el desarrollo del sistema de AOC (1936 Pouilly-Fuiss\u00e9, 1971 Saint-V\u00e9ran).<\/span><\/p>\t\t\t\t\t\t\t\t<\/div>\n\t\t\t\t<\/div>\n\t\t\t\t\t<\/div>\n\t\t\t\t<\/div>\n\t\t<div class=\"elementor-element elementor-element-1f9c9ba e-flex e-con-boxed e-con e-parent\" data-id=\"1f9c9ba\" data-element_type=\"container\" data-e-type=\"container\">\n\t\t\t\t\t<div class=\"e-con-inner\">\n\t\t<div class=\"elementor-element elementor-element-6222952 e-con-full e-flex e-con e-child\" data-id=\"6222952\" data-element_type=\"container\" data-e-type=\"container\">\n\t\t\t\t<div class=\"elementor-element elementor-element-cc20a35 elementor-widget elementor-widget-text-editor\" data-id=\"cc20a35\" data-element_type=\"widget\" data-e-type=\"widget\" data-widget_type=\"text-editor.default\">\n\t\t\t\t<div class=\"elementor-widget-container\">\n\t\t\t\t\t\t\t\t\t<p class=\"p1\"><strong>2022 Deux Roches Saint-V\u00e9ran Tradition<\/strong><\/p>\t\t\t\t\t\t\t\t<\/div>\n\t\t\t\t<\/div>\n\t\t<div class=\"elementor-element elementor-element-a6c2a81 e-con-full e-grid e-con e-child\" data-id=\"a6c2a81\" data-element_type=\"container\" data-e-type=\"container\">\n\t\t\t\t<div class=\"elementor-element elementor-element-95553bf elementor-widget elementor-widget-image\" data-id=\"95553bf\" data-element_type=\"widget\" data-e-type=\"widget\" data-widget_type=\"image.default\">\n\t\t\t\t<div class=\"elementor-widget-container\">\n\t\t\t\t\t\t\t\t\t<div class=\"elementor-image\">\n\t\t\t\t\t\t\t\t\t\t\t\t\t\t\t\t\t\t\t\t\t<img loading=\"lazy\" decoding=\"async\" width=\"315\" height=\"315\" src=\"https:\/\/vavin.tw\/wp-content\/uploads\/2024\/11\/Vavin-DEUX-ROCHES-SAINT-VERAN-TRADITION-315x315.png\" class=\"attachment-woocommerce_thumbnail size-woocommerce_thumbnail wp-image-997687\" alt=\"\" srcset=\"https:\/\/vavin.tw\/wp-content\/uploads\/2024\/11\/Vavin-DEUX-ROCHES-SAINT-VERAN-TRADITION-315x315.png 315w, https:\/\/vavin.tw\/wp-content\/uploads\/2024\/11\/Vavin-DEUX-ROCHES-SAINT-VERAN-TRADITION-630x630.png 630w, https:\/\/vavin.tw\/wp-content\/uploads\/2024\/11\/Vavin-DEUX-ROCHES-SAINT-VERAN-TRADITION-300x300.png 300w, https:\/\/vavin.tw\/wp-content\/uploads\/2024\/11\/Vavin-DEUX-ROCHES-SAINT-VERAN-TRADITION-1024x1024.png 1024w, https:\/\/vavin.tw\/wp-content\/uploads\/2024\/11\/Vavin-DEUX-ROCHES-SAINT-VERAN-TRADITION-150x150.png 150w, https:\/\/vavin.tw\/wp-content\/uploads\/2024\/11\/Vavin-DEUX-ROCHES-SAINT-VERAN-TRADITION-768x768.png 768w, https:\/\/vavin.tw\/wp-content\/uploads\/2024\/11\/Vavin-DEUX-ROCHES-SAINT-VERAN-TRADITION-1536x1536.png 1536w, https:\/\/vavin.tw\/wp-content\/uploads\/2024\/11\/Vavin-DEUX-ROCHES-SAINT-VERAN-TRADITION-2048x2048.png 2048w, https:\/\/vavin.tw\/wp-content\/uploads\/2024\/11\/Vavin-DEUX-ROCHES-SAINT-VERAN-TRADITION-12x12.png 12w, https:\/\/vavin.tw\/wp-content\/uploads\/2024\/11\/Vavin-DEUX-ROCHES-SAINT-VERAN-TRADITION-1260x1260.png 1260w\" sizes=\"(max-width: 315px) 100vw, 315px\" \/>\t\t\t\t\t\t\t\t\t\t\t\t\t\t\t\t\t\t\t\t\t\t\t\t<\/div>\n\t\t\t\t\t\t\t\t<\/div>\n\t\t\t\t<\/div>\n\t\t\t\t<div class=\"elementor-element elementor-element-df1b61d elementor-widget elementor-widget-text-editor\" data-id=\"df1b61d\" data-element_type=\"widget\" data-e-type=\"widget\" data-widget_type=\"text-editor.default\">\n\t\t\t\t<div class=\"elementor-widget-container\">\n\t\t\t\t\t\t\t\t\t<p class=\"cvGsUA direction-ltr align-start para-style-body\"><span style=\"color: #000000\"><span class=\"OYPEnA font-feature-liga-off font-feature-clig-off font-feature-calt-off text-decoration-none text-strikethrough-none\"><strong>Regi\u00f3n:<\/strong>\u00a0Borgo\u00f1a<\/span><span class=\"OYPEnA font-feature-liga-off font-feature-clig-off font-feature-calt-off text-decoration-none text-strikethrough-none\">, Saint-V\u00e9ran<\/span><\/span><\/p><p class=\"cvGsUA direction-ltr align-start para-style-body\"><span class=\"OYPEnA font-feature-liga-off font-feature-clig-off font-feature-calt-off text-decoration-none text-strikethrough-none\" style=\"color: #000000\"><strong>Variedad de uva<\/strong> : <\/span><span class=\"OYPEnA font-feature-liga-off font-feature-clig-off font-feature-calt-off text-decoration-none text-strikethrough-none\" style=\"color: #000000\">Chardonnay<\/span><\/p><p>Este vino es una selecci\u00f3n de parcelas situadas en el coraz\u00f3n de la denominaci\u00f3n Saint-V\u00e9ran, en torno a Davay\u00e9, cerca de Roches de Solutr\u00e9 y Vergisson. Estos terroirs calc\u00e1reos de la \u00e9poca jur\u00e1sica son perfectos para potenciar la expresi\u00f3n del Chardonnay. Un Saint-V\u00e9ran rico y maduro, lleno de vivacidad. Su gran car\u00e1cter y su hermosa tipicidad son un\u00e1nimes. Es el primer vino producido en Deux Roches en 1983. Vestida de oro l\u00edquido, esta cuv\u00e9e desprende un perfume floral que recuerda a las flores de madreselva y acacia. Una vez en boca, el jugo se revela firme y graso, el ataque es redondo, delicadamente estructurado y mineral. El final persistente est\u00e1 marcado por suaves amargos c\u00edtricos.<\/p>\t\t\t\t\t\t\t\t<\/div>\n\t\t\t\t<\/div>\n\t\t\t\t<\/div>\n\t\t<div class=\"elementor-element elementor-element-0090709 e-con-full e-flex e-con e-child\" data-id=\"0090709\" data-element_type=\"container\" data-e-type=\"container\">\n\t\t\t\t<div class=\"elementor-element elementor-element-88b7b6a elementor-widget-divider--view-line elementor-widget elementor-widget-divider\" data-id=\"88b7b6a\" data-element_type=\"widget\" data-e-type=\"widget\" data-widget_type=\"divider.default\">\n\t\t\t\t<div class=\"elementor-widget-container\">\n\t\t\t\t\t\t\t<div class=\"elementor-divider\">\n\t\t\t<span class=\"elementor-divider-separator\">\n\t\t\t\t\t\t<\/span>\n\t\t<\/div>\n\t\t\t\t\t\t<\/div>\n\t\t\t\t<\/div>\n\t\t\t\t<\/div>\n\t\t\t\t<\/div>\n\t\t\t\t\t<\/div>\n\t\t\t\t<\/div>\n\t\t<div class=\"elementor-element elementor-element-955d7e4 e-flex e-con-boxed e-con e-parent\" data-id=\"955d7e4\" data-element_type=\"container\" data-e-type=\"container\">\n\t\t\t\t\t<div class=\"e-con-inner\">\n\t\t<div class=\"elementor-element elementor-element-e2d55ca e-con-full e-flex e-con e-child\" data-id=\"e2d55ca\" data-element_type=\"container\" data-e-type=\"container\">\n\t\t\t\t<div class=\"elementor-element elementor-element-f4a6210 elementor-widget elementor-widget-text-editor\" data-id=\"f4a6210\" data-element_type=\"widget\" data-e-type=\"widget\" data-widget_type=\"text-editor.default\">\n\t\t\t\t<div class=\"elementor-widget-container\">\n\t\t\t\t\t\t\t\t\t<p class=\"p1\"><strong>2022 Deux Roches Saint-V\u00e9ran Rives de Longsault Vielles Vignes<\/strong><\/p>\t\t\t\t\t\t\t\t<\/div>\n\t\t\t\t<\/div>\n\t\t<div class=\"elementor-element elementor-element-d466758 e-con-full e-grid e-con e-child\" data-id=\"d466758\" data-element_type=\"container\" data-e-type=\"container\">\n\t\t\t\t<div class=\"elementor-element elementor-element-62bfc48 elementor-widget elementor-widget-image\" data-id=\"62bfc48\" data-element_type=\"widget\" data-e-type=\"widget\" data-widget_type=\"image.default\">\n\t\t\t\t<div class=\"elementor-widget-container\">\n\t\t\t\t\t\t\t\t\t<div class=\"elementor-image\">\n\t\t\t\t\t\t\t\t\t\t\t\t\t\t\t\t\t\t\t\t\t<img loading=\"lazy\" decoding=\"async\" width=\"315\" height=\"315\" src=\"https:\/\/vavin.tw\/wp-content\/uploads\/2024\/11\/DEUX-ROCHES-SAINT-VERAN-RIVES-DE-LONGSAULT-VV-315x315.png\" class=\"attachment-woocommerce_thumbnail size-woocommerce_thumbnail wp-image-997688\" alt=\"\" srcset=\"https:\/\/vavin.tw\/wp-content\/uploads\/2024\/11\/DEUX-ROCHES-SAINT-VERAN-RIVES-DE-LONGSAULT-VV-315x315.png 315w, https:\/\/vavin.tw\/wp-content\/uploads\/2024\/11\/DEUX-ROCHES-SAINT-VERAN-RIVES-DE-LONGSAULT-VV-630x630.png 630w, https:\/\/vavin.tw\/wp-content\/uploads\/2024\/11\/DEUX-ROCHES-SAINT-VERAN-RIVES-DE-LONGSAULT-VV-300x300.png 300w, https:\/\/vavin.tw\/wp-content\/uploads\/2024\/11\/DEUX-ROCHES-SAINT-VERAN-RIVES-DE-LONGSAULT-VV-1024x1024.png 1024w, https:\/\/vavin.tw\/wp-content\/uploads\/2024\/11\/DEUX-ROCHES-SAINT-VERAN-RIVES-DE-LONGSAULT-VV-150x150.png 150w, https:\/\/vavin.tw\/wp-content\/uploads\/2024\/11\/DEUX-ROCHES-SAINT-VERAN-RIVES-DE-LONGSAULT-VV-768x768.png 768w, https:\/\/vavin.tw\/wp-content\/uploads\/2024\/11\/DEUX-ROCHES-SAINT-VERAN-RIVES-DE-LONGSAULT-VV-1536x1536.png 1536w, https:\/\/vavin.tw\/wp-content\/uploads\/2024\/11\/DEUX-ROCHES-SAINT-VERAN-RIVES-DE-LONGSAULT-VV-2048x2048.png 2048w, https:\/\/vavin.tw\/wp-content\/uploads\/2024\/11\/DEUX-ROCHES-SAINT-VERAN-RIVES-DE-LONGSAULT-VV-12x12.png 12w, https:\/\/vavin.tw\/wp-content\/uploads\/2024\/11\/DEUX-ROCHES-SAINT-VERAN-RIVES-DE-LONGSAULT-VV-1260x1260.png 1260w\" sizes=\"(max-width: 315px) 100vw, 315px\" \/>\t\t\t\t\t\t\t\t\t\t\t\t\t\t\t\t\t\t\t\t\t\t\t\t<\/div>\n\t\t\t\t\t\t\t\t<\/div>\n\t\t\t\t<\/div>\n\t\t\t\t<div class=\"elementor-element elementor-element-e8f8ccb elementor-widget elementor-widget-text-editor\" data-id=\"e8f8ccb\" data-element_type=\"widget\" data-e-type=\"widget\" data-widget_type=\"text-editor.default\">\n\t\t\t\t<div class=\"elementor-widget-container\">\n\t\t\t\t\t\t\t\t\t<p><span style=\"color: #000000\"><strong>2022 Deux Roches Saint-V\u00e9ran Rives de Longsault VV<\/strong><\/span><\/p><p class=\"cvGsUA direction-ltr align-start para-style-body\"><span style=\"color: #000000\"><span class=\"OYPEnA font-feature-liga-off font-feature-clig-off font-feature-calt-off text-decoration-none text-strikethrough-none\"><strong>Regi\u00f3n:<\/strong>\u00a0Borgo\u00f1a<\/span><span class=\"OYPEnA font-feature-liga-off font-feature-clig-off font-feature-calt-off text-decoration-none text-strikethrough-none\">, Saint-V\u00e9ran, Rives de Longsault Vielles Vignes<\/span><\/span><\/p><p class=\"cvGsUA direction-ltr align-start para-style-body\"><span class=\"OYPEnA font-feature-liga-off font-feature-clig-off font-feature-calt-off text-decoration-none text-strikethrough-none\" style=\"color: #000000\"><strong>Variedad de uva<\/strong> : <\/span><span class=\"OYPEnA font-feature-liga-off font-feature-clig-off font-feature-calt-off text-decoration-none text-strikethrough-none\" style=\"color: #000000\">Chardonnay<\/span><\/p><p class=\"cvGsUA direction-ltr align-justify para-style-body\">El Saint-V\u00e9ran \u201cRives de Longsault\u201d refleja el terru\u00f1o de Davay\u00e9, con suelos arcilloso-calc\u00e1reos y un clima templado. Esta cuv\u00e9e proviene de varias parcelas, con uvas suavemente prensadas, y la vinificaci\u00f3n tiene lugar en cubas de acero inoxidable o de madera, seg\u00fan la a\u00f1ada. La fermentaci\u00f3n malol\u00e1ctica se ajusta seg\u00fan sea necesario y la crianza se realiza sobre l\u00edas finas. El vino muestra aromas de frutas confitadas y ofrece un paladar generoso y carnoso, terminando con un final fresco y persistente.<\/p>\t\t\t\t\t\t\t\t<\/div>\n\t\t\t\t<\/div>\n\t\t\t\t<\/div>\n\t\t<div class=\"elementor-element elementor-element-b813fa6 e-con-full e-flex e-con e-child\" data-id=\"b813fa6\" data-element_type=\"container\" data-e-type=\"container\">\n\t\t\t\t<div class=\"elementor-element elementor-element-1da2d09 elementor-widget-divider--view-line elementor-widget elementor-widget-divider\" data-id=\"1da2d09\" data-element_type=\"widget\" data-e-type=\"widget\" data-widget_type=\"divider.default\">\n\t\t\t\t<div class=\"elementor-widget-container\">\n\t\t\t\t\t\t\t<div class=\"elementor-divider\">\n\t\t\t<span class=\"elementor-divider-separator\">\n\t\t\t\t\t\t<\/span>\n\t\t<\/div>\n\t\t\t\t\t\t<\/div>\n\t\t\t\t<\/div>\n\t\t\t\t<\/div>\n\t\t\t\t<div class=\"elementor-element elementor-element-ac0c6ff elementor-widget elementor-widget-text-editor\" data-id=\"ac0c6ff\" data-element_type=\"widget\" data-e-type=\"widget\" data-widget_type=\"text-editor.default\">\n\t\t\t\t<div class=\"elementor-widget-container\">\n\t\t\t\t\t\t\t\t\t<p class=\"p1\"><span style=\"color: #800000;\"><strong>2021 Deux Roches Saint-V\u00e9ran Les Cras<\/strong><\/span><\/p>\t\t\t\t\t\t\t\t<\/div>\n\t\t\t\t<\/div>\n\t\t<div class=\"elementor-element elementor-element-d58dd52 e-con-full e-flex e-con e-child\" data-id=\"d58dd52\" data-element_type=\"container\" data-e-type=\"container\">\n\t\t<div class=\"elementor-element elementor-element-9d1c6ec e-con-full e-flex e-con e-child\" data-id=\"9d1c6ec\" data-element_type=\"container\" data-e-type=\"container\">\n\t\t<div class=\"elementor-element elementor-element-4e6c7fa e-con-full e-grid e-con e-child\" data-id=\"4e6c7fa\" data-element_type=\"container\" data-e-type=\"container\">\n\t\t\t\t<div class=\"elementor-element elementor-element-32c7981 elementor-widget elementor-widget-image\" data-id=\"32c7981\" data-element_type=\"widget\" data-e-type=\"widget\" data-widget_type=\"image.default\">\n\t\t\t\t<div class=\"elementor-widget-container\">\n\t\t\t\t\t\t\t\t\t<div class=\"elementor-image\">\n\t\t\t\t\t\t\t\t\t\t\t\t\t\t\t\t\t\t\t\t\t<img loading=\"lazy\" decoding=\"async\" width=\"315\" height=\"370\" src=\"https:\/\/vavin.tw\/wp-content\/uploads\/2024\/11\/DEUX-ROCHES-SAINT-VERAN-LES-CRAS-Modifie\u0301-315x370.png\" class=\"attachment-woocommerce_thumbnail size-woocommerce_thumbnail wp-image-997689\" alt=\"\" srcset=\"https:\/\/vavin.tw\/wp-content\/uploads\/2024\/11\/DEUX-ROCHES-SAINT-VERAN-LES-CRAS-Modifie\u0301-315x370.png 315w, https:\/\/vavin.tw\/wp-content\/uploads\/2024\/11\/DEUX-ROCHES-SAINT-VERAN-LES-CRAS-Modifie\u0301-630x740.png 630w, https:\/\/vavin.tw\/wp-content\/uploads\/2024\/11\/DEUX-ROCHES-SAINT-VERAN-LES-CRAS-Modifie\u0301-255x300.png 255w, https:\/\/vavin.tw\/wp-content\/uploads\/2024\/11\/DEUX-ROCHES-SAINT-VERAN-LES-CRAS-Modifie\u0301-872x1024.png 872w, https:\/\/vavin.tw\/wp-content\/uploads\/2024\/11\/DEUX-ROCHES-SAINT-VERAN-LES-CRAS-Modifie\u0301-768x902.png 768w, https:\/\/vavin.tw\/wp-content\/uploads\/2024\/11\/DEUX-ROCHES-SAINT-VERAN-LES-CRAS-Modifie\u0301-1308x1536.png 1308w, https:\/\/vavin.tw\/wp-content\/uploads\/2024\/11\/DEUX-ROCHES-SAINT-VERAN-LES-CRAS-Modifie\u0301-1743x2048.png 1743w, https:\/\/vavin.tw\/wp-content\/uploads\/2024\/11\/DEUX-ROCHES-SAINT-VERAN-LES-CRAS-Modifie\u0301-10x12.png 10w, https:\/\/vavin.tw\/wp-content\/uploads\/2024\/11\/DEUX-ROCHES-SAINT-VERAN-LES-CRAS-Modifie\u0301-1260x1480.png 1260w\" sizes=\"(max-width: 315px) 100vw, 315px\" \/>\t\t\t\t\t\t\t\t\t\t\t\t\t\t\t\t\t\t\t\t\t\t\t\t<\/div>\n\t\t\t\t\t\t\t\t<\/div>\n\t\t\t\t<\/div>\n\t\t\t\t<div class=\"elementor-element elementor-element-a2e90b5 elementor-widget elementor-widget-text-editor\" data-id=\"a2e90b5\" data-element_type=\"widget\" data-e-type=\"widget\" data-widget_type=\"text-editor.default\">\n\t\t\t\t<div class=\"elementor-widget-container\">\n\t\t\t\t\t\t\t\t\t<p><span style=\"color: #000000;\"><strong>2021 Deux Roches Saint-V\u00e9ran Les Cras<\/strong><\/span><\/p><p class=\"cvGsUA direction-ltr align-start para-style-body\"><span style=\"color: #000000;\"><span class=\"OYPEnA font-feature-liga-off font-feature-clig-off font-feature-calt-off text-decoration-none text-strikethrough-none\"><strong>Regi\u00f3n:<\/strong>\u00a0Borgo\u00f1a<\/span><span class=\"OYPEnA font-feature-liga-off font-feature-clig-off font-feature-calt-off text-decoration-none text-strikethrough-none\">, Saint-V\u00e9ran, Les Cras<\/span><\/span><\/p><p class=\"cvGsUA direction-ltr align-start para-style-body\"><span class=\"OYPEnA font-feature-liga-off font-feature-clig-off font-feature-calt-off text-decoration-none text-strikethrough-none\" style=\"color: #000000;\"><strong>Variedad de uva<\/strong> : <\/span><span class=\"OYPEnA font-feature-liga-off font-feature-clig-off font-feature-calt-off text-decoration-none text-strikethrough-none\" style=\"color: #000000;\">Chardonnay<\/span><\/p><p class=\"cvGsUA direction-ltr align-justify para-style-body\"><span style=\"color: #000000;\">El Saint-V\u00e9ran \u201cLes Cras\u201d 2021 ofrece una expresi\u00f3n exquisita de Chardonnay de un terru\u00f1o calc\u00e1reo privilegiado en Davay\u00e9. Vendimiado a mano y envejecido meticulosamente durante 19 meses, presenta un luminoso color dorado, con un bouquet arom\u00e1tico de madreselva. En boca equilibra una frescura vibrante, mineralidad y notas de melocot\u00f3n blanco, lo que lo convierte en una opci\u00f3n refinada y elegante. Ideal para acompa\u00f1ar platos como bogavante a la parrilla o pasta con marisco, esta cuv\u00e9e es una celebraci\u00f3n de finura y complejidad, limitada a 2.496 botellas para una experiencia verdaderamente exclusiva.<\/span><\/p>\t\t\t\t\t\t\t\t<\/div>\n\t\t\t\t<\/div>\n\t\t\t\t<\/div>\n\t\t\t\t<\/div>\n\t\t\t\t<\/div>\n\t\t\t\t<\/div>\n\t\t\t\t\t<\/div>\n\t\t\t\t<\/div>\n\t\t<div class=\"elementor-element elementor-element-ecc0c40 e-flex e-con-boxed e-con e-parent\" data-id=\"ecc0c40\" data-element_type=\"container\" data-e-type=\"container\">\n\t\t\t\t\t<div class=\"e-con-inner\">\n\t\t\t\t\t<\/div>\n\t\t\t\t<\/div>\n\t\t<div class=\"elementor-element elementor-element-07d2cfc e-flex e-con-boxed e-con e-parent\" data-id=\"07d2cfc\" data-element_type=\"container\" data-e-type=\"container\">\n\t\t\t\t\t<div class=\"e-con-inner\">\n\t\t\t\t<div class=\"elementor-element elementor-element-294d924 elementor-widget elementor-widget-image\" data-id=\"294d924\" data-element_type=\"widget\" data-e-type=\"widget\" data-widget_type=\"image.default\">\n\t\t\t\t<div class=\"elementor-widget-container\">\n\t\t\t\t\t\t\t\t\t<div class=\"elementor-image\">\n\t\t\t\t\t\t\t\t\t\t\t\t\t\t\t\t\t\t\t\t\t<img loading=\"lazy\" decoding=\"async\" width=\"315\" height=\"150\" src=\"https:\/\/vavin.tw\/wp-content\/uploads\/2024\/11\/bloc-marque-Altugnac-couleur-L-315x150.png\" class=\"attachment-woocommerce_thumbnail size-woocommerce_thumbnail wp-image-997700\" alt=\"\" srcset=\"https:\/\/vavin.tw\/wp-content\/uploads\/2024\/11\/bloc-marque-Altugnac-couleur-L-315x150.png 315w, https:\/\/vavin.tw\/wp-content\/uploads\/2024\/11\/bloc-marque-Altugnac-couleur-L-630x301.png 630w, https:\/\/vavin.tw\/wp-content\/uploads\/2024\/11\/bloc-marque-Altugnac-couleur-L-300x143.png 300w, https:\/\/vavin.tw\/wp-content\/uploads\/2024\/11\/bloc-marque-Altugnac-couleur-L-1024x489.png 1024w, https:\/\/vavin.tw\/wp-content\/uploads\/2024\/11\/bloc-marque-Altugnac-couleur-L-768x367.png 768w, https:\/\/vavin.tw\/wp-content\/uploads\/2024\/11\/bloc-marque-Altugnac-couleur-L-1536x733.png 1536w, https:\/\/vavin.tw\/wp-content\/uploads\/2024\/11\/bloc-marque-Altugnac-couleur-L-18x9.png 18w, https:\/\/vavin.tw\/wp-content\/uploads\/2024\/11\/bloc-marque-Altugnac-couleur-L-1260x602.png 1260w, https:\/\/vavin.tw\/wp-content\/uploads\/2024\/11\/bloc-marque-Altugnac-couleur-L.png 2000w\" sizes=\"(max-width: 315px) 100vw, 315px\" \/>\t\t\t\t\t\t\t\t\t\t\t\t\t\t\t\t\t\t\t\t\t\t\t\t<\/div>\n\t\t\t\t\t\t\t\t<\/div>\n\t\t\t\t<\/div>\n\t\t\t\t<div class=\"elementor-element elementor-element-ebd9c35 elementor-widget elementor-widget-image\" data-id=\"ebd9c35\" data-element_type=\"widget\" data-e-type=\"widget\" data-widget_type=\"image.default\">\n\t\t\t\t<div class=\"elementor-widget-container\">\n\t\t\t\t\t\t\t\t\t<div class=\"elementor-image\">\n\t\t\t\t\t\t\t\t\t\t\t\t\t\t\t\t\t\t\t\t\t<img loading=\"lazy\" decoding=\"async\" width=\"1024\" height=\"421\" src=\"https:\/\/vavin.tw\/wp-content\/uploads\/2024\/11\/antugnac70-1024x421.jpg\" class=\"attachment-large size-large wp-image-997755\" alt=\"\" srcset=\"https:\/\/vavin.tw\/wp-content\/uploads\/2024\/11\/antugnac70-1024x421.jpg 1024w, https:\/\/vavin.tw\/wp-content\/uploads\/2024\/11\/antugnac70-315x129.jpg 315w, https:\/\/vavin.tw\/wp-content\/uploads\/2024\/11\/antugnac70-630x259.jpg 630w, https:\/\/vavin.tw\/wp-content\/uploads\/2024\/11\/antugnac70-300x123.jpg 300w, https:\/\/vavin.tw\/wp-content\/uploads\/2024\/11\/antugnac70-768x316.jpg 768w, https:\/\/vavin.tw\/wp-content\/uploads\/2024\/11\/antugnac70-1536x631.jpg 1536w, https:\/\/vavin.tw\/wp-content\/uploads\/2024\/11\/antugnac70-18x7.jpg 18w, https:\/\/vavin.tw\/wp-content\/uploads\/2024\/11\/antugnac70-1260x518.jpg 1260w, https:\/\/vavin.tw\/wp-content\/uploads\/2024\/11\/antugnac70.jpg 1801w\" sizes=\"(max-width: 1024px) 100vw, 1024px\" \/>\t\t\t\t\t\t\t\t\t\t\t\t\t\t\t\t\t\t\t\t\t\t\t\t<\/div>\n\t\t\t\t\t\t\t\t<\/div>\n\t\t\t\t<\/div>\n\t\t\t\t<div class=\"elementor-element elementor-element-06e0ba8 elementor-widget elementor-widget-text-editor\" data-id=\"06e0ba8\" data-element_type=\"widget\" data-e-type=\"widget\" data-widget_type=\"text-editor.default\">\n\t\t\t\t<div class=\"elementor-widget-container\">\n\t\t\t\t\t\t\t\t\t<p>Dentro del vasto vi\u00f1edo del Languedoc, Altugnac cuenta ahora con 110 hect\u00e1reas en la zona de apelaci\u00f3n de Limoux, en el valle alto del Aude. Esta regi\u00f3n espec\u00edfica se encuentra en el extremo suroeste del vi\u00f1edo del Languedoc, al pie de los Pirineos, en una zona donde se combinan las influencias clim\u00e1ticas mediterr\u00e1nea y atl\u00e1ntica.<\/p><p>Las vides se encuentran en terru\u00f1os con una altitud de entre 200 y 600 metros, lo que permite atenuar el calor estival. Esta zona de confluencia clim\u00e1tica goza tanto de un sol \u00f3ptimo debido a la influencia mediterr\u00e1nea; noches frescas por la cercan\u00eda de los Pirineos, buena ventilaci\u00f3n generada por la Tramontana y una pluviometr\u00eda equilibrada gracias a las aportaciones de las entradas oce\u00e1nicas. En cuanto a las variedades de uva, dominan el chardonnay, mauzac y sauvignon para los blancos mientras que el pinot, merlot, cabernet franc y syrah comparten el reinado de los tintos.<\/p>\t\t\t\t\t\t\t\t<\/div>\n\t\t\t\t<\/div>\n\t\t\t\t<div class=\"elementor-element elementor-element-f3d697f elementor-widget elementor-widget-image\" data-id=\"f3d697f\" data-element_type=\"widget\" data-e-type=\"widget\" data-widget_type=\"image.default\">\n\t\t\t\t<div class=\"elementor-widget-container\">\n\t\t\t\t\t\t\t\t\t<div class=\"elementor-image\">\n\t\t\t\t\t\t\t\t\t\t\t\t\t\t\t\t\t\t\t\t\t<img loading=\"lazy\" decoding=\"async\" width=\"1024\" height=\"576\" src=\"https:\/\/vavin.tw\/wp-content\/uploads\/2024\/11\/vendangesantugnac116-1024x576.jpg\" class=\"attachment-large size-large wp-image-997756\" alt=\"\" srcset=\"https:\/\/vavin.tw\/wp-content\/uploads\/2024\/11\/vendangesantugnac116-1024x576.jpg 1024w, https:\/\/vavin.tw\/wp-content\/uploads\/2024\/11\/vendangesantugnac116-315x177.jpg 315w, https:\/\/vavin.tw\/wp-content\/uploads\/2024\/11\/vendangesantugnac116-630x354.jpg 630w, https:\/\/vavin.tw\/wp-content\/uploads\/2024\/11\/vendangesantugnac116-300x169.jpg 300w, https:\/\/vavin.tw\/wp-content\/uploads\/2024\/11\/vendangesantugnac116-768x432.jpg 768w, https:\/\/vavin.tw\/wp-content\/uploads\/2024\/11\/vendangesantugnac116-18x10.jpg 18w, https:\/\/vavin.tw\/wp-content\/uploads\/2024\/11\/vendangesantugnac116-1260x708.jpg 1260w, https:\/\/vavin.tw\/wp-content\/uploads\/2024\/11\/vendangesantugnac116.jpg 1313w\" sizes=\"(max-width: 1024px) 100vw, 1024px\" \/>\t\t\t\t\t\t\t\t\t\t\t\t\t\t\t\t\t\t\t\t\t\t\t\t<\/div>\n\t\t\t\t\t\t\t\t<\/div>\n\t\t\t\t<\/div>\n\t\t\t\t<div class=\"elementor-element elementor-element-68a556a elementor-widget elementor-widget-text-editor\" data-id=\"68a556a\" data-element_type=\"widget\" data-e-type=\"widget\" data-widget_type=\"text-editor.default\">\n\t\t\t\t<div class=\"elementor-widget-container\">\n\t\t\t\t\t\t\t\t\t<p class=\" translation-block\">Situadas en los **pueblos vecinos de Antugnac y Montazels**. Se dividen en seis grandes terru\u00f1os caracterizados por diferentes situaciones, exposiciones y suelos. **Estos diferentes terru\u00f1os** realzan la expresi\u00f3n de las variedades de uva y aumentan las opciones de ensamblaje.<br>Alrededor de la finca, a nivel de pueblo, **los suelos arcilloso-calc\u00e1reos** est\u00e1n cubiertos por numerosos f\u00f3siles marinos llamados turritelas. A una altitud de unos 300 metros, las temperaturas son m\u00e1s altas que en las laderas, lo que favorece maduraciones m\u00e1s tempranas, interesantes para las variedades de uva tinta en cuanto a cuerpo y redondez.<\/p>\t\t\t\t\t\t\t\t<\/div>\n\t\t\t\t<\/div>\n\t\t\t\t<div class=\"elementor-element elementor-element-039cc18 elementor-widget elementor-widget-image\" data-id=\"039cc18\" data-element_type=\"widget\" data-e-type=\"widget\" data-widget_type=\"image.default\">\n\t\t\t\t<div class=\"elementor-widget-container\">\n\t\t\t\t\t\t\t\t\t<div class=\"elementor-image\">\n\t\t\t\t\t\t\t\t\t\t\t\t\t\t\t\t\t\t\t\t\t<img loading=\"lazy\" decoding=\"async\" width=\"1024\" height=\"576\" src=\"https:\/\/vavin.tw\/wp-content\/uploads\/2024\/11\/vendangesantugnac145-1024x576.jpg\" class=\"attachment-large size-large wp-image-997757\" alt=\"\" srcset=\"https:\/\/vavin.tw\/wp-content\/uploads\/2024\/11\/vendangesantugnac145-1024x576.jpg 1024w, https:\/\/vavin.tw\/wp-content\/uploads\/2024\/11\/vendangesantugnac145-315x177.jpg 315w, https:\/\/vavin.tw\/wp-content\/uploads\/2024\/11\/vendangesantugnac145-630x354.jpg 630w, https:\/\/vavin.tw\/wp-content\/uploads\/2024\/11\/vendangesantugnac145-300x169.jpg 300w, https:\/\/vavin.tw\/wp-content\/uploads\/2024\/11\/vendangesantugnac145-768x432.jpg 768w, https:\/\/vavin.tw\/wp-content\/uploads\/2024\/11\/vendangesantugnac145-18x10.jpg 18w, https:\/\/vavin.tw\/wp-content\/uploads\/2024\/11\/vendangesantugnac145-1260x708.jpg 1260w, https:\/\/vavin.tw\/wp-content\/uploads\/2024\/11\/vendangesantugnac145.jpg 1311w\" sizes=\"(max-width: 1024px) 100vw, 1024px\" \/>\t\t\t\t\t\t\t\t\t\t\t\t\t\t\t\t\t\t\t\t\t\t\t\t<\/div>\n\t\t\t\t\t\t\t\t<\/div>\n\t\t\t\t<\/div>\n\t\t\t\t<div class=\"elementor-element elementor-element-2b7c287 elementor-widget elementor-widget-text-editor\" data-id=\"2b7c287\" data-element_type=\"widget\" data-e-type=\"widget\" data-widget_type=\"text-editor.default\">\n\t\t\t\t<div class=\"elementor-widget-container\">\n\t\t\t\t\t\t\t\t\t<p style=\"font-style: normal; font-variant-ligatures: normal; font-variant-caps: normal; font-weight: 400; font-size: 18px; font-family: Roboto, sans-serif;\" class=\" translation-block\">El sector Subitre se encuentra en una meseta m\u00e1s alta (de 350 a 500 metros sobre el nivel del mar) y consta de grandes laderas orientadas al sur y bastante ventosas. Los suelos son arcillo-calc\u00e1reos, muy pedregosos, poco profundos, con piedras planas. Hay variedades de uva blanca (Chardonnay, Sauvignon, Chenin) as\u00ed como Cabernet.<\/p><p style=\"font-style: normal; font-variant-ligatures: normal; font-variant-caps: normal; font-weight: 400; font-size: 18px; font-family: Roboto, sans-serif;\" class=\" translation-block\">El sector <span style=\"font-weight: bold\">Las Gravas<\/span> forma un conjunto homog\u00e9neo de 8 hect\u00e1reas plantadas de Chardonnay y orientadas al sur. Se trata de una meseta situada a 400 metros de altitud, rodeada por un encinar. <span style=\"font-weight: bold\">Este terru\u00f1o es \u00fanico de Antugnac<\/span>. Arcillo-calc\u00e1reo, el subsuelo est\u00e1 efectivamente cubierto por una capa superficial grava formada por tierra negra rica en esquistos. El aire fresco de los Pirineos contrarresta eficazmente el calor del sol, lo que permite la vendimia a temperaturas frescas. Aqu\u00ed se utilizan las uvas en la composici\u00f3n de <span style=\"font-weight: bold\">Limoux blanco<\/span>: \u201cTerres Amoureuses\u201d y \u201cLas Gravas\u201d.<\/p>\t\t\t\t\t\t\t\t<\/div>\n\t\t\t\t<\/div>\n\t\t\t\t\t<\/div>\n\t\t\t\t<\/div>\n\t\t<div class=\"elementor-element elementor-element-caa5432 e-flex e-con-boxed e-con e-parent\" data-id=\"caa5432\" data-element_type=\"container\" data-e-type=\"container\">\n\t\t\t\t\t<div class=\"e-con-inner\">\n\t\t\t\t<div class=\"elementor-element elementor-element-3779667 elementor-widget__width-initial elementor-widget elementor-widget-image\" data-id=\"3779667\" data-element_type=\"widget\" data-e-type=\"widget\" data-widget_type=\"image.default\">\n\t\t\t\t<div class=\"elementor-widget-container\">\n\t\t\t\t\t\t\t\t\t<div class=\"elementor-image\">\n\t\t\t\t\t\t\t\t\t\t\t\t\t\t\t\t\t\t\t\t\t<img loading=\"lazy\" decoding=\"async\" width=\"1024\" height=\"561\" src=\"https:\/\/vavin.tw\/wp-content\/uploads\/2024\/11\/vendangesantugnac47-1024x561.jpg\" class=\"attachment-large size-large wp-image-997758\" alt=\"\" srcset=\"https:\/\/vavin.tw\/wp-content\/uploads\/2024\/11\/vendangesantugnac47-1024x561.jpg 1024w, https:\/\/vavin.tw\/wp-content\/uploads\/2024\/11\/vendangesantugnac47-315x173.jpg 315w, https:\/\/vavin.tw\/wp-content\/uploads\/2024\/11\/vendangesantugnac47-630x345.jpg 630w, https:\/\/vavin.tw\/wp-content\/uploads\/2024\/11\/vendangesantugnac47-300x164.jpg 300w, https:\/\/vavin.tw\/wp-content\/uploads\/2024\/11\/vendangesantugnac47-768x421.jpg 768w, https:\/\/vavin.tw\/wp-content\/uploads\/2024\/11\/vendangesantugnac47-1536x842.jpg 1536w, https:\/\/vavin.tw\/wp-content\/uploads\/2024\/11\/vendangesantugnac47-18x10.jpg 18w, https:\/\/vavin.tw\/wp-content\/uploads\/2024\/11\/vendangesantugnac47-1260x690.jpg 1260w, https:\/\/vavin.tw\/wp-content\/uploads\/2024\/11\/vendangesantugnac47.jpg 2000w\" sizes=\"(max-width: 1024px) 100vw, 1024px\" \/>\t\t\t\t\t\t\t\t\t\t\t\t\t\t\t\t\t\t\t\t\t\t\t\t<\/div>\n\t\t\t\t\t\t\t\t<\/div>\n\t\t\t\t<\/div>\n\t\t\t\t\t<\/div>\n\t\t\t\t<\/div>\n\t\t<div class=\"elementor-element elementor-element-2b5cde1 e-flex e-con-boxed e-con e-parent\" data-id=\"2b5cde1\" data-element_type=\"container\" data-e-type=\"container\">\n\t\t\t\t\t<div class=\"e-con-inner\">\n\t\t\t\t<div class=\"elementor-element elementor-element-91b27bb elementor-widget elementor-widget-text-editor\" data-id=\"91b27bb\" data-element_type=\"widget\" data-e-type=\"widget\" data-widget_type=\"text-editor.default\">\n\t\t\t\t<div class=\"elementor-widget-container\">\n\t\t\t\t\t\t\t\t\t<p class=\" translation-block\">El sector Planal goza de la posici\u00f3n m\u00e1s elevada, entre 430 y 500 metros sobre el nivel del mar. El suelo marr\u00f3n contiene piedras planas y a veces cantos rodados. Observamos en este sector las mismas caracter\u00edsticas que en Gravas, es decir, una exposici\u00f3n sur, buena ventilaci\u00f3n y una fuerte sensibilidad a la influencia de la monta\u00f1a.<\/p><p class=\" translation-block\">El sector **Les Plats**, ubicado en Montazels, es mucho **m\u00e1s c\u00e1lido y precoz**. Los suelos pedregosos permitieron construir muchas \u201ccadoles\u201d y muros de piedra seca. Se planta con variedades de uva tinta (Merlot, Cabernet) pero tambi\u00e9n con una gran superficie de Mauzac viejo, una variedad de uva tard\u00eda que aqu\u00ed alcanza gran madurez.<\/p><p class=\" translation-block\">Pradelle cuenta con 9 hect\u00e1reas de vi\u00f1edos orientados al sur. Se encuentra al pie del acantilado de Subitre; la naturaleza de los suelos es similar all\u00ed, pero son m\u00e1s profundos y menos pedregosos. El clima es m\u00e1s c\u00e1lido. Hay variedades de uva tinta (Syrah, Malbec, Merlot) y Chardonnay.<\/p>\t\t\t\t\t\t\t\t<\/div>\n\t\t\t\t<\/div>\n\t\t\t\t<div class=\"elementor-element elementor-element-5b86ae7 elementor-widget-divider--view-line elementor-widget elementor-widget-divider\" data-id=\"5b86ae7\" data-element_type=\"widget\" data-e-type=\"widget\" data-widget_type=\"divider.default\">\n\t\t\t\t<div class=\"elementor-widget-container\">\n\t\t\t\t\t\t\t<div class=\"elementor-divider\">\n\t\t\t<span class=\"elementor-divider-separator\">\n\t\t\t\t\t\t<\/span>\n\t\t<\/div>\n\t\t\t\t\t\t<\/div>\n\t\t\t\t<\/div>\n\t\t\t\t<div class=\"elementor-element elementor-element-da4669b elementor-widget elementor-widget-text-editor\" data-id=\"da4669b\" data-element_type=\"widget\" data-e-type=\"widget\" data-widget_type=\"text-editor.default\">\n\t\t\t\t<div class=\"elementor-widget-container\">\n\t\t\t\t\t\t\t\t\t<p class=\"p1\"><span style=\"color: #800000;\"><strong>2023 Altugnac Terres Amoureuses Limoux Chardonnay<\/strong><\/span><\/p>\t\t\t\t\t\t\t\t<\/div>\n\t\t\t\t<\/div>\n\t\t\t\t\t<\/div>\n\t\t\t\t<\/div>\n\t\t<div class=\"elementor-element elementor-element-c463193 e-grid e-con-boxed e-con e-parent\" data-id=\"c463193\" data-element_type=\"container\" data-e-type=\"container\">\n\t\t\t\t\t<div class=\"e-con-inner\">\n\t\t\t\t<div class=\"elementor-element elementor-element-1fd380e elementor-widget elementor-widget-image\" data-id=\"1fd380e\" data-element_type=\"widget\" data-e-type=\"widget\" data-widget_type=\"image.default\">\n\t\t\t\t<div class=\"elementor-widget-container\">\n\t\t\t\t\t\t\t\t\t<div class=\"elementor-image\">\n\t\t\t\t\t\t\t\t\t\t\t\t\t\t\t\t\t\t\t\t\t<img loading=\"lazy\" decoding=\"async\" width=\"315\" height=\"416\" src=\"https:\/\/vavin.tw\/wp-content\/uploads\/2024\/11\/ALTUGNAC-LIMOUX-TERRES-AMOUREUSES-Modifie\u0301-315x416.png\" class=\"attachment-woocommerce_thumbnail size-woocommerce_thumbnail wp-image-997692\" alt=\"\" srcset=\"https:\/\/vavin.tw\/wp-content\/uploads\/2024\/11\/ALTUGNAC-LIMOUX-TERRES-AMOUREUSES-Modifie\u0301-315x416.png 315w, https:\/\/vavin.tw\/wp-content\/uploads\/2024\/11\/ALTUGNAC-LIMOUX-TERRES-AMOUREUSES-Modifie\u0301-630x831.png 630w, https:\/\/vavin.tw\/wp-content\/uploads\/2024\/11\/ALTUGNAC-LIMOUX-TERRES-AMOUREUSES-Modifie\u0301-227x300.png 227w, https:\/\/vavin.tw\/wp-content\/uploads\/2024\/11\/ALTUGNAC-LIMOUX-TERRES-AMOUREUSES-Modifie\u0301-776x1024.png 776w, https:\/\/vavin.tw\/wp-content\/uploads\/2024\/11\/ALTUGNAC-LIMOUX-TERRES-AMOUREUSES-Modifie\u0301-768x1013.png 768w, https:\/\/vavin.tw\/wp-content\/uploads\/2024\/11\/ALTUGNAC-LIMOUX-TERRES-AMOUREUSES-Modifie\u0301-1164x1536.png 1164w, https:\/\/vavin.tw\/wp-content\/uploads\/2024\/11\/ALTUGNAC-LIMOUX-TERRES-AMOUREUSES-Modifie\u0301-1553x2048.png 1553w, https:\/\/vavin.tw\/wp-content\/uploads\/2024\/11\/ALTUGNAC-LIMOUX-TERRES-AMOUREUSES-Modifie\u0301-9x12.png 9w, https:\/\/vavin.tw\/wp-content\/uploads\/2024\/11\/ALTUGNAC-LIMOUX-TERRES-AMOUREUSES-Modifie\u0301-1260x1662.png 1260w, https:\/\/vavin.tw\/wp-content\/uploads\/2024\/11\/ALTUGNAC-LIMOUX-TERRES-AMOUREUSES-Modifie\u0301.png 1927w\" sizes=\"(max-width: 315px) 100vw, 315px\" \/>\t\t\t\t\t\t\t\t\t\t\t\t\t\t\t\t\t\t\t\t\t\t\t\t<\/div>\n\t\t\t\t\t\t\t\t<\/div>\n\t\t\t\t<\/div>\n\t\t\t\t<div class=\"elementor-element elementor-element-ba70671 elementor-widget elementor-widget-text-editor\" data-id=\"ba70671\" data-element_type=\"widget\" data-e-type=\"widget\" data-widget_type=\"text-editor.default\">\n\t\t\t\t<div class=\"elementor-widget-container\">\n\t\t\t\t\t\t\t\t\t<p><span style=\"color: #000000;\"><strong>2023 Altugnac Terres Amoureuses Limoux Chardonnay<\/strong><\/span><\/p><p class=\"cvGsUA direction-ltr align-start para-style-body\"><span style=\"color: #000000;\"><span class=\"OYPEnA font-feature-liga-off font-feature-clig-off font-feature-calt-off text-decoration-none text-strikethrough-none\"><strong>Regi\u00f3n:<\/strong> Languedoc, Limoux<\/span><\/span><\/p><p class=\"cvGsUA direction-ltr align-start para-style-body\"><span class=\"OYPEnA font-feature-liga-off font-feature-clig-off font-feature-calt-off text-decoration-none text-strikethrough-none\" style=\"color: #000000;\"><strong>Variedad de uva<\/strong> : <\/span><span class=\"OYPEnA font-feature-liga-off font-feature-clig-off font-feature-calt-off text-decoration-none text-strikethrough-none\" style=\"color: #000000;\">Chardonnay<\/span><\/p><p class=\"cvGsUA direction-ltr align-justify para-style-body\"><span style=\"color: #000000;\">El Altugnac Terres Amoureuses Chardonnay procede de 30 hect\u00e1reas de vi\u00f1edos plantados a principios de la d\u00e9cada de 1970, situados a 400 metros de altitud en el Valle del Aude, Languedoc, en suelo arcilloso-calc\u00e1reo. El clima mediterr\u00e1neo con influencias de monta\u00f1a favorece un lento proceso de maduraci\u00f3n. Las uvas se vendimian a mano, se prensan lentamente y se fermentan en barricas con un 20% de roble nuevo antes de envejecer sobre l\u00edas finas durante 10-12 meses, seguido de un envejecimiento adicional en tinos. El vino presenta un color amarillo brillante con reflejos verdosos, una nariz de fruta madura y flores, y un paladar rico y elegante con un final fresco y mineral.<\/span><\/p>\t\t\t\t\t\t\t\t<\/div>\n\t\t\t\t<\/div>\n\t\t\t\t\t<\/div>\n\t\t\t\t<\/div>\n\t\t<div class=\"elementor-element elementor-element-6e2c75e e-flex e-con-boxed e-con e-parent\" data-id=\"6e2c75e\" data-element_type=\"container\" data-e-type=\"container\">\n\t\t\t\t\t<div class=\"e-con-inner\">\n\t\t\t\t<div class=\"elementor-element elementor-element-e6a4eb6 elementor-widget-divider--view-line elementor-widget elementor-widget-divider\" data-id=\"e6a4eb6\" data-element_type=\"widget\" data-e-type=\"widget\" data-widget_type=\"divider.default\">\n\t\t\t\t<div class=\"elementor-widget-container\">\n\t\t\t\t\t\t\t<div class=\"elementor-divider\">\n\t\t\t<span class=\"elementor-divider-separator\">\n\t\t\t\t\t\t<\/span>\n\t\t<\/div>\n\t\t\t\t\t\t<\/div>\n\t\t\t\t<\/div>\n\t\t\t\t<div class=\"elementor-element elementor-element-c98c189 elementor-widget elementor-widget-text-editor\" data-id=\"c98c189\" data-element_type=\"widget\" data-e-type=\"widget\" data-widget_type=\"text-editor.default\">\n\t\t\t\t<div class=\"elementor-widget-container\">\n\t\t\t\t\t\t\t\t\t<p class=\"p1\"><strong>2022 Altugnac Les Turrielles Pays d\u2019Or Pinot Noir<\/strong><\/p>\t\t\t\t\t\t\t\t<\/div>\n\t\t\t\t<\/div>\n\t\t\t\t\t<\/div>\n\t\t\t\t<\/div>\n\t\t<div class=\"elementor-element elementor-element-c44f0c2 e-grid e-con-full e-con e-parent\" data-id=\"c44f0c2\" data-element_type=\"container\" data-e-type=\"container\">\n\t\t\t\t<div class=\"elementor-element elementor-element-fb32094 elementor-widget elementor-widget-image\" data-id=\"fb32094\" data-element_type=\"widget\" data-e-type=\"widget\" data-widget_type=\"image.default\">\n\t\t\t\t<div class=\"elementor-widget-container\">\n\t\t\t\t\t\t\t\t\t<div class=\"elementor-image\">\n\t\t\t\t\t\t\t\t\t\t\t\t\t\t\t\t\t\t\t\t\t<img loading=\"lazy\" decoding=\"async\" width=\"315\" height=\"322\" src=\"https:\/\/vavin.tw\/wp-content\/uploads\/2024\/11\/ALTUGNAC-LES-TURITELLES-PINOT-NOIR-Modifie\u0301-315x322.png\" class=\"attachment-woocommerce_thumbnail size-woocommerce_thumbnail wp-image-997690\" alt=\"\" srcset=\"https:\/\/vavin.tw\/wp-content\/uploads\/2024\/11\/ALTUGNAC-LES-TURITELLES-PINOT-NOIR-Modifie\u0301-315x322.png 315w, https:\/\/vavin.tw\/wp-content\/uploads\/2024\/11\/ALTUGNAC-LES-TURITELLES-PINOT-NOIR-Modifie\u0301-630x643.png 630w, https:\/\/vavin.tw\/wp-content\/uploads\/2024\/11\/ALTUGNAC-LES-TURITELLES-PINOT-NOIR-Modifie\u0301-294x300.png 294w, https:\/\/vavin.tw\/wp-content\/uploads\/2024\/11\/ALTUGNAC-LES-TURITELLES-PINOT-NOIR-Modifie\u0301-1003x1024.png 1003w, https:\/\/vavin.tw\/wp-content\/uploads\/2024\/11\/ALTUGNAC-LES-TURITELLES-PINOT-NOIR-Modifie\u0301-768x784.png 768w, https:\/\/vavin.tw\/wp-content\/uploads\/2024\/11\/ALTUGNAC-LES-TURITELLES-PINOT-NOIR-Modifie\u0301-1505x1536.png 1505w, https:\/\/vavin.tw\/wp-content\/uploads\/2024\/11\/ALTUGNAC-LES-TURITELLES-PINOT-NOIR-Modifie\u0301-2006x2048.png 2006w, https:\/\/vavin.tw\/wp-content\/uploads\/2024\/11\/ALTUGNAC-LES-TURITELLES-PINOT-NOIR-Modifie\u0301-12x12.png 12w, https:\/\/vavin.tw\/wp-content\/uploads\/2024\/11\/ALTUGNAC-LES-TURITELLES-PINOT-NOIR-Modifie\u0301-1260x1286.png 1260w\" sizes=\"(max-width: 315px) 100vw, 315px\" \/>\t\t\t\t\t\t\t\t\t\t\t\t\t\t\t\t\t\t\t\t\t\t\t\t<\/div>\n\t\t\t\t\t\t\t\t<\/div>\n\t\t\t\t<\/div>\n\t\t\t\t<div class=\"elementor-element elementor-element-92a075f elementor-widget elementor-widget-text-editor\" data-id=\"92a075f\" data-element_type=\"widget\" data-e-type=\"widget\" data-widget_type=\"text-editor.default\">\n\t\t\t\t<div class=\"elementor-widget-container\">\n\t\t\t\t\t\t\t\t\t<p class=\"cvGsUA direction-ltr align-start para-style-body\"><span style=\"color: #000000;\"><span class=\"OYPEnA font-feature-liga-off font-feature-clig-off font-feature-calt-off text-decoration-none text-strikethrough-none\"><strong>Regi\u00f3n:<\/strong> Languedoc<\/span><span class=\"OYPEnA font-feature-liga-off font-feature-clig-off font-feature-calt-off text-decoration-none text-strikethrough-none\">,\u00a0<\/span><\/span><\/p><p class=\"cvGsUA direction-ltr align-start para-style-body\"><span style=\"color: #000000;\"><span class=\"OYPEnA font-feature-liga-off font-feature-clig-off font-feature-calt-off text-decoration-none text-strikethrough-none\"><strong>Variedad de uva<\/strong> : <\/span><span class=\"OYPEnA font-feature-liga-off font-feature-clig-off font-feature-calt-off text-decoration-none text-strikethrough-none\">Pinot Noir<\/span><\/span><\/p><p class=\"cvGsUA direction-ltr align-justify para-style-body\"><span style=\"color: #000000;\"><span class=\"OYPEnA font-feature-liga-off font-feature-clig-off font-feature-calt-off text-decoration-none text-strikethrough-none\">El Dominio Altugnac<\/span><span class=\"OYPEnA font-feature-liga-off font-feature-clig-off font-feature-calt-off text-decoration-none text-strikethrough-none\">, en la <\/span><span class=\"OYPEnA font-feature-liga-off font-feature-clig-off font-feature-calt-off text-decoration-none text-strikethrough-none\">Alta Valle del Aude<\/span><span class=\"OYPEnA font-feature-liga-off font-feature-clig-off font-feature-calt-off text-decoration-none text-strikethrough-none\">, se beneficia de un terru\u00f1o \u00fanico de f\u00f3siles de Turritelles, suelos calc\u00e1reos y arcillosos, creando mesetas inclinadas y un microclima soleado y fresco. La Pinot Noir se trasvasa por gravedad a cubas, someti\u00e9ndose a una extracci\u00f3n suave para preservar la complejidad arom\u00e1tica, con fermentaci\u00f3n malol\u00e1ctica y crianza en dep\u00f3sitos de acero inoxidable o cemento. Este vino de tonalidad granate ofrece aromas de finas especias, moca y cereza Montmorency con una textura aterciopelada. Entre los maridajes ideales se incluyen carnes rojas delicadas, pescados carnosos y platos de verduras sabrosos. Las familias Collovray y Terrier revitalizaron el vi\u00f1edo en 1997, centr\u00e1ndose en vinos elegantes de gran altitud.<\/span><\/span><\/p>\t\t\t\t\t\t\t\t<\/div>\n\t\t\t\t<\/div>\n\t\t\t\t<\/div>\n\t\t\t\t<\/div>\n\t\t\t\t<\/div>\n\t\t\t\t\t\t<\/div>\n\t\t\t\t<\/div>\n\t\t\t\t\t<\/div>\n\t\t\t\t<\/div>\n\t\t<div class=\"elementor-element elementor-element-1103d89 e-flex e-con-boxed e-con e-parent\" data-id=\"1103d89\" data-element_type=\"container\" data-e-type=\"container\">\n\t\t\t\t\t<div class=\"e-con-inner\">\n\t\t\t\t<div class=\"elementor-element elementor-element-7ef7101 elementor-widget elementor-widget-video\" data-id=\"7ef7101\" data-element_type=\"widget\" data-e-type=\"widget\" data-settings=\"{&quot;youtube_url&quot;:&quot;https:\\\/\\\/youtu.be\\\/mtV1Ou4zTRQ?si=flEe4I-T0ep8XxWz&quot;,&quot;video_type&quot;:&quot;youtube&quot;,&quot;controls&quot;:&quot;yes&quot;}\" data-widget_type=\"video.default\">\n\t\t\t\t<div class=\"elementor-widget-container\">\n\t\t\t\t\t\t\t<div class=\"elementor-wrapper elementor-open-inline\">\n\t\t\t<div class=\"elementor-video\"><\/div>\t\t<\/div>\n\t\t\t\t\t\t<\/div>\n\t\t\t\t<\/div>\n\t\t\t\t\t<\/div>\n\t\t\t\t<\/div>\n\t\t\t\t<\/div>","protected":false},"excerpt":{"rendered":"","protected":false},"author":4,"featured_media":0,"parent":0,"menu_order":0,"comment_status":"closed","ping_status":"closed","template":"","meta":{"footnotes":""},"class_list":["post-997706","page","type-page","status-publish","hentry"],"yoast_head":"<!-- This site is optimized with the Yoast SEO Premium plugin v27.2 (Yoast SEO v27.3) - https:\/\/yoast.com\/product\/yoast-seo-premium-wordpress\/ -->\n<title>Collovray Et Terrier Wine Tasting - Vavin \u9152\u76d2\u5b50<\/title>\n<meta name=\"robots\" content=\"index, follow, max-snippet:-1, max-image-preview:large, max-video-preview:-1\" \/>\n<link rel=\"canonical\" href=\"https:\/\/vavin.tw\/es\/lista-de-vinos-de-collovray-terrier\/\" \/>\n<meta property=\"og:locale\" content=\"es_ES\" \/>\n<meta property=\"og:type\" content=\"article\" \/>\n<meta property=\"og:title\" content=\"Collovray Et Terrier Wine Tasting\" \/>\n<meta property=\"og:url\" content=\"https:\/\/vavin.tw\/es\/lista-de-vinos-de-collovray-terrier\/\" \/>\n<meta property=\"og:site_name\" content=\"Vavin \u9152\u76d2\u5b50\" \/>\n<meta property=\"article:publisher\" content=\"https:\/\/www.facebook.com\/vavintw\" \/>\n<meta property=\"article:modified_time\" content=\"2024-11-22T04:38:26+00:00\" \/>\n<meta name=\"twitter:card\" content=\"summary_large_image\" \/>\n<meta name=\"twitter:label1\" content=\"Tiempo de lectura\" \/>\n\t<meta name=\"twitter:data1\" content=\"18 minutos\" \/>\n<script type=\"application\/ld+json\" class=\"yoast-schema-graph\">{\"@context\":\"https:\\\/\\\/schema.org\",\"@graph\":[{\"@type\":\"WebPage\",\"@id\":\"https:\\\/\\\/vavin.tw\\\/collovrayetterrier-wine-list\\\/\",\"url\":\"https:\\\/\\\/vavin.tw\\\/collovrayetterrier-wine-list\\\/\",\"name\":\"Collovray Et Terrier Wine Tasting - Vavin \u9152\u76d2\u5b50\",\"isPartOf\":{\"@id\":\"https:\\\/\\\/vavin.tw\\\/#website\"},\"datePublished\":\"2024-11-20T04:56:07+00:00\",\"dateModified\":\"2024-11-22T04:38:26+00:00\",\"breadcrumb\":{\"@id\":\"https:\\\/\\\/vavin.tw\\\/collovrayetterrier-wine-list\\\/#breadcrumb\"},\"inLanguage\":\"es\",\"potentialAction\":[{\"@type\":\"ReadAction\",\"target\":[\"https:\\\/\\\/vavin.tw\\\/collovrayetterrier-wine-list\\\/\"]}]},{\"@type\":\"BreadcrumbList\",\"@id\":\"https:\\\/\\\/vavin.tw\\\/collovrayetterrier-wine-list\\\/#breadcrumb\",\"itemListElement\":[{\"@type\":\"ListItem\",\"position\":1,\"name\":\"Home\",\"item\":\"https:\\\/\\\/vavin.tw\\\/\"},{\"@type\":\"ListItem\",\"position\":2,\"name\":\"Collovray Et Terrier Wine Tasting\"}]},{\"@type\":\"WebSite\",\"@id\":\"https:\\\/\\\/vavin.tw\\\/#website\",\"url\":\"https:\\\/\\\/vavin.tw\\\/\",\"name\":\"Vavin \u9152\u76d2\u5b50\",\"description\":\"Savor the Art of Wine\",\"publisher\":{\"@id\":\"https:\\\/\\\/vavin.tw\\\/#organization\"},\"potentialAction\":[{\"@type\":\"SearchAction\",\"target\":{\"@type\":\"EntryPoint\",\"urlTemplate\":\"https:\\\/\\\/vavin.tw\\\/?s={search_term_string}\"},\"query-input\":{\"@type\":\"PropertyValueSpecification\",\"valueRequired\":true,\"valueName\":\"search_term_string\"}}],\"inLanguage\":\"es\"},{\"@type\":\"Organization\",\"@id\":\"https:\\\/\\\/vavin.tw\\\/#organization\",\"name\":\"Vavin \u9152\u76d2\u5b50\",\"url\":\"https:\\\/\\\/vavin.tw\\\/\",\"logo\":{\"@type\":\"ImageObject\",\"inLanguage\":\"es\",\"@id\":\"https:\\\/\\\/vavin.tw\\\/#\\\/schema\\\/logo\\\/image\\\/\",\"url\":\"https:\\\/\\\/vavin.tw\\\/wp-content\\\/uploads\\\/2023\\\/03\\\/cropped-favicon-violet-v1.png\",\"contentUrl\":\"https:\\\/\\\/vavin.tw\\\/wp-content\\\/uploads\\\/2023\\\/03\\\/cropped-favicon-violet-v1.png\",\"width\":512,\"height\":512,\"caption\":\"Vavin \u9152\u76d2\u5b50\"},\"image\":{\"@id\":\"https:\\\/\\\/vavin.tw\\\/#\\\/schema\\\/logo\\\/image\\\/\"},\"sameAs\":[\"https:\\\/\\\/www.facebook.com\\\/vavintw\",\"https:\\\/\\\/www.instagram.com\\\/vavin_tw\"]}]}<\/script>\n<!-- \/ Yoast SEO Premium plugin. -->","yoast_head_json":{"title":"Cata de vinos de Collovray et Terrier - Caja de vino Vavin","robots":{"index":"index","follow":"follow","max-snippet":"max-snippet:-1","max-image-preview":"max-image-preview:large","max-video-preview":"max-video-preview:-1"},"canonical":"https:\/\/vavin.tw\/es\/lista-de-vinos-de-collovray-terrier\/","og_locale":"es_ES","og_type":"article","og_title":"Collovray Et Terrier Wine Tasting","og_url":"https:\/\/vavin.tw\/es\/lista-de-vinos-de-collovray-terrier\/","og_site_name":"Vavin \u9152\u76d2\u5b50","article_publisher":"https:\/\/www.facebook.com\/vavintw","article_modified_time":"2024-11-22T04:38:26+00:00","twitter_card":"summary_large_image","twitter_misc":{"Tiempo de lectura":"18 minutos"},"schema":{"@context":"https:\/\/schema.org","@graph":[{"@type":"WebPage","@id":"https:\/\/vavin.tw\/collovrayetterrier-wine-list\/","url":"https:\/\/vavin.tw\/collovrayetterrier-wine-list\/","name":"Cata de vinos de Collovray et Terrier - Caja de vino Vavin","isPartOf":{"@id":"https:\/\/vavin.tw\/#website"},"datePublished":"2024-11-20T04:56:07+00:00","dateModified":"2024-11-22T04:38:26+00:00","breadcrumb":{"@id":"https:\/\/vavin.tw\/collovrayetterrier-wine-list\/#breadcrumb"},"inLanguage":"es","potentialAction":[{"@type":"ReadAction","target":["https:\/\/vavin.tw\/collovrayetterrier-wine-list\/"]}]},{"@type":"BreadcrumbList","@id":"https:\/\/vavin.tw\/collovrayetterrier-wine-list\/#breadcrumb","itemListElement":[{"@type":"ListItem","position":1,"name":"Home","item":"https:\/\/vavin.tw\/"},{"@type":"ListItem","position":2,"name":"Collovray Et Terrier Wine Tasting"}]},{"@type":"WebSite","@id":"https:\/\/vavin.tw\/#website","url":"https:\/\/vavin.tw\/","name":"Vavin","description":"Saborea el arte del vino","publisher":{"@id":"https:\/\/vavin.tw\/#organization"},"potentialAction":[{"@type":"SearchAction","target":{"@type":"EntryPoint","urlTemplate":"https:\/\/vavin.tw\/?s={search_term_string}"},"query-input":{"@type":"PropertyValueSpecification","valueRequired":true,"valueName":"search_term_string"}}],"inLanguage":"es"},{"@type":"Organization","@id":"https:\/\/vavin.tw\/#organization","name":"Vavin","url":"https:\/\/vavin.tw\/","logo":{"@type":"ImageObject","inLanguage":"es","@id":"https:\/\/vavin.tw\/#\/schema\/logo\/image\/","url":"https:\/\/vavin.tw\/wp-content\/uploads\/2023\/03\/cropped-favicon-violet-v1.png","contentUrl":"https:\/\/vavin.tw\/wp-content\/uploads\/2023\/03\/cropped-favicon-violet-v1.png","width":512,"height":512,"caption":"Vavin \u9152\u76d2\u5b50"},"image":{"@id":"https:\/\/vavin.tw\/#\/schema\/logo\/image\/"},"sameAs":["https:\/\/www.facebook.com\/vavintw","https:\/\/www.instagram.com\/vavin_tw"]}]}},"_links":{"self":[{"href":"https:\/\/vavin.tw\/es\/wp-json\/wp\/v2\/pages\/997706","targetHints":{"allow":["GET"]}}],"collection":[{"href":"https:\/\/vavin.tw\/es\/wp-json\/wp\/v2\/pages"}],"about":[{"href":"https:\/\/vavin.tw\/es\/wp-json\/wp\/v2\/types\/page"}],"author":[{"embeddable":true,"href":"https:\/\/vavin.tw\/es\/wp-json\/wp\/v2\/users\/4"}],"replies":[{"embeddable":true,"href":"https:\/\/vavin.tw\/es\/wp-json\/wp\/v2\/comments?post=997706"}],"version-history":[{"count":0,"href":"https:\/\/vavin.tw\/es\/wp-json\/wp\/v2\/pages\/997706\/revisions"}],"wp:attachment":[{"href":"https:\/\/vavin.tw\/es\/wp-json\/wp\/v2\/media?parent=997706"}],"curies":[{"name":"wp","href":"https:\/\/api.w.org\/{rel}","templated":true}]}}